{"id":34,"date":"2018-10-15T20:34:55","date_gmt":"2018-10-15T20:34:55","guid":{"rendered":"https:\/\/mudrace.progressionstudios.com\/?page_id=34"},"modified":"2026-01-20T14:56:19","modified_gmt":"2026-01-20T14:56:19","slug":"actualites","status":"publish","type":"page","link":"https:\/\/traildes2baies.fr\/?page_id=34","title":{"rendered":"Les actualit\u00e9s"},"content":{"rendered":"\t\t<div data-elementor-type=\"wp-post\" data-elementor-id=\"34\" class=\"elementor elementor-34\">\n\t\t\t\t\t\t<section class=\"elementor-section elementor-top-section elementor-element elementor-element-37f017c elementor-section-boxed elementor-section-height-default elementor-section-height-default\" data-id=\"37f017c\" data-element_type=\"section\">\n\t\t\t\t\t\t<div class=\"elementor-container elementor-column-gap-default\">\n\t\t\t\t\t<div class=\"elementor-column elementor-col-100 elementor-top-column elementor-element elementor-element-7d2406c\" data-id=\"7d2406c\" data-element_type=\"column\">\n\t\t\t<div class=\"elementor-widget-wrap elementor-element-populated\">\n\t\t\t\t\t\t<div class=\"elementor-element elementor-element-97acd55 elementor-widget elementor-widget-heading\" data-id=\"97acd55\" data-element_type=\"widget\" data-widget_type=\"heading.default\">\n\t\t\t\t<div class=\"elementor-widget-container\">\n\t\t\t<h2 class=\"elementor-heading-title elementor-size-default\">R\u00e9sultats 2026<\/h2>\t\t<\/div>\n\t\t\t\t<\/div>\n\t\t\t\t<section class=\"elementor-section elementor-inner-section elementor-element elementor-element-5f3b3cb elementor-section-boxed elementor-section-height-default elementor-section-height-default\" data-id=\"5f3b3cb\" data-element_type=\"section\">\n\t\t\t\t\t\t<div class=\"elementor-container elementor-column-gap-default\">\n\t\t\t\t\t<div class=\"elementor-column elementor-col-100 elementor-inner-column elementor-element elementor-element-14af4e6\" data-id=\"14af4e6\" data-element_type=\"column\">\n\t\t\t<div class=\"elementor-widget-wrap elementor-element-populated\">\n\t\t\t\t\t\t<div class=\"elementor-element elementor-element-5c0a931 elementor-widget elementor-widget-heading\" data-id=\"5c0a931\" data-element_type=\"widget\" data-widget_type=\"heading.default\">\n\t\t\t\t<div class=\"elementor-widget-container\">\n\t\t\t<h4 class=\"elementor-heading-title elementor-size-default\">Retrouvez votre classement d\u00e8s la ligne d'arriv\u00e9e franchie<\/h4>\t\t<\/div>\n\t\t\t\t<\/div>\n\t\t\t\t<div class=\"elementor-element elementor-element-ebec98f elementor-widget elementor-widget-button\" data-id=\"ebec98f\" data-element_type=\"widget\" data-widget_type=\"button.default\">\n\t\t\t\t<div class=\"elementor-widget-container\">\n\t\t\t\t\t<div class=\"elementor-button-wrapper\">\n\t\t\t<a class=\"elementor-button elementor-button-link elementor-size-sm\" href=\"https:\/\/www.prolivesport.fr\/evenement\/trail-d2b-2026-le-touquet_1120\/live.html\" target=\"_blank\">\n\t\t\t\t\t\t<span class=\"elementor-button-content-wrapper\">\n\t\t\t\t\t\t\t\t\t<span class=\"elementor-button-text\">R\u00e9sultats 2026<\/span>\n\t\t\t\t\t<\/span>\n\t\t\t\t\t<\/a>\n\t\t<\/div>\n\t\t\t\t<\/div>\n\t\t\t\t<\/div>\n\t\t\t\t\t<\/div>\n\t\t<\/div>\n\t\t\t\t\t<\/div>\n\t\t<\/section>\n\t\t\t\t\t<\/div>\n\t\t<\/div>\n\t\t\t\t\t<\/div>\n\t\t<\/section>\n\t\t\t\t<section class=\"elementor-section elementor-top-section elementor-element elementor-element-c0ac614 elementor-section-boxed elementor-section-height-default elementor-section-height-default\" data-id=\"c0ac614\" data-element_type=\"section\">\n\t\t\t\t\t\t<div class=\"elementor-container elementor-column-gap-default\">\n\t\t\t\t\t<div class=\"elementor-column elementor-col-100 elementor-top-column elementor-element elementor-element-bc6019c\" data-id=\"bc6019c\" data-element_type=\"column\">\n\t\t\t<div class=\"elementor-widget-wrap elementor-element-populated\">\n\t\t\t\t\t\t<div class=\"elementor-element elementor-element-e14d36e elementor-widget elementor-widget-heading\" data-id=\"e14d36e\" data-element_type=\"widget\" data-widget_type=\"heading.default\">\n\t\t\t\t<div class=\"elementor-widget-container\">\n\t\t\t<h2 class=\"elementor-heading-title elementor-size-default\">Informations<\/h2>\t\t<\/div>\n\t\t\t\t<\/div>\n\t\t\t\t<section class=\"elementor-section elementor-inner-section elementor-element elementor-element-263f332 elementor-section-boxed elementor-section-height-default elementor-section-height-default\" data-id=\"263f332\" data-element_type=\"section\">\n\t\t\t\t\t\t<div class=\"elementor-container elementor-column-gap-default\">\n\t\t\t\t\t<div class=\"elementor-column elementor-col-50 elementor-inner-column elementor-element elementor-element-f19c206\" data-id=\"f19c206\" data-element_type=\"column\">\n\t\t\t<div class=\"elementor-widget-wrap elementor-element-populated\">\n\t\t\t\t\t\t<div class=\"elementor-element elementor-element-c5a0242 elementor-widget elementor-widget-heading\" data-id=\"c5a0242\" data-element_type=\"widget\" data-widget_type=\"heading.default\">\n\t\t\t\t<div class=\"elementor-widget-container\">\n\t\t\t<h4 class=\"elementor-heading-title elementor-size-default\">Dossiers d'inscription<\/h4>\t\t<\/div>\n\t\t\t\t<\/div>\n\t\t\t\t<div class=\"elementor-element elementor-element-dacb19d elementor-widget elementor-widget-text-editor\" data-id=\"dacb19d\" data-element_type=\"widget\" data-widget_type=\"text-editor.default\">\n\t\t\t\t<div class=\"elementor-widget-container\">\n\t\t\t\t\t\t\t<p data-pm-slice=\"0 0 []\">\u00c0 tous les participants, merci de v\u00e9rifier que votre dossier d\u2019inscription est bien complet.<\/p>\n<p><\/p>\n<p>La plupart des dossiers incomplets concernent un num\u00e9ro de PPS manquant.<\/p>\n<p><\/p>\n<p>Le PPS (qui remplace d\u00e9sormais le certificat m\u00e9dical) peut \u00eatre r\u00e9alis\u00e9 directement sur le site :<\/p>\n<p><\/p>\n<p><a href=\"https:\/\/pps.athle.fr\/\"> https:\/\/pps.athle.fr\/ <\/a><\/p>\n<p><\/p>\n<p>Une fois votre PPS obtenu, vous pourrez compl\u00e9ter votre inscription en ligne.<\/p>\n<p><\/p>\n<p><b>Merci de v\u00e9rifier que vos dossiers soient complets.<\/b><\/p>\n<p>Retrouvez toutes les informations de la course dans le Roadbook.&nbsp;&nbsp;<\/p>\t\t\t\t\t\t<\/div>\n\t\t\t\t<\/div>\n\t\t\t\t<div class=\"elementor-element elementor-element-7c3b54c elementor-widget elementor-widget-button\" data-id=\"7c3b54c\" data-element_type=\"widget\" data-widget_type=\"button.default\">\n\t\t\t\t<div class=\"elementor-widget-container\">\n\t\t\t\t\t<div class=\"elementor-button-wrapper\">\n\t\t\t<a class=\"elementor-button elementor-button-link elementor-size-sm\" href=\"https:\/\/traildes2baies.fr\/wp-content\/uploads\/2026\/01\/Roadbook-Trail-D2B-2026-1.pdf\">\n\t\t\t\t\t\t<span class=\"elementor-button-content-wrapper\">\n\t\t\t\t\t\t\t\t\t<span class=\"elementor-button-text\">Roadbook 2026<\/span>\n\t\t\t\t\t<\/span>\n\t\t\t\t\t<\/a>\n\t\t<\/div>\n\t\t\t\t<\/div>\n\t\t\t\t<\/div>\n\t\t\t\t\t<\/div>\n\t\t<\/div>\n\t\t\t\t<div class=\"elementor-column elementor-col-50 elementor-inner-column elementor-element elementor-element-dec0caf\" data-id=\"dec0caf\" data-element_type=\"column\">\n\t\t\t<div class=\"elementor-widget-wrap elementor-element-populated\">\n\t\t\t\t\t\t<div class=\"elementor-element elementor-element-394d3b3 elementor-widget elementor-widget-heading\" data-id=\"394d3b3\" data-element_type=\"widget\" data-widget_type=\"heading.default\">\n\t\t\t\t<div class=\"elementor-widget-container\">\n\t\t\t<h4 class=\"elementor-heading-title elementor-size-default\">Retrait des dossards<\/h4>\t\t<\/div>\n\t\t\t\t<\/div>\n\t\t\t\t<div class=\"elementor-element elementor-element-c31f864 elementor-widget elementor-widget-text-editor\" data-id=\"c31f864\" data-element_type=\"widget\" data-widget_type=\"text-editor.default\">\n\t\t\t\t<div class=\"elementor-widget-container\">\n\t\t\t\t\t\t\t<p data-pm-slice=\"0 0 []\">Samedi 24 Janvier &#8211; De 13 \u00e0 18h<\/p><p>\u00a0<\/p><p>Dimanche 25 Janvier &#8211; De 7h \u00e0 10h30<\/p><p>\u00a0<\/p><p>Salle des 4 Saisons, Avenue de l&rsquo;Hippodrome, 62520 Le Touquet-Paris-Plage<\/p><p>\u00a0<\/p><p>Pr\u00e9sentez votre QR Code (re\u00e7u par mail) et votre pi\u00e8ce d&rsquo;identit\u00e9<\/p><p>\u00a0<\/p><p>Une personne tierce peut retirer les dossards sous pr\u00e9sentation de la pi\u00e8ce d&rsquo;identit\u00e9 du participant et de son QR Code<\/p><p>\u00a0<\/p><p>\u00a0<\/p><p><b>PAS D&rsquo;INSCRIPTION SUR PLACE<\/b><\/p>\t\t\t\t\t\t<\/div>\n\t\t\t\t<\/div>\n\t\t\t\t\t<\/div>\n\t\t<\/div>\n\t\t\t\t\t<\/div>\n\t\t<\/section>\n\t\t\t\t\t<\/div>\n\t\t<\/div>\n\t\t\t\t\t<\/div>\n\t\t<\/section>\n\t\t\t\t<section class=\"elementor-section elementor-top-section elementor-element elementor-element-abe813e elementor-section-boxed elementor-section-height-default elementor-section-height-default\" data-id=\"abe813e\" data-element_type=\"section\">\n\t\t\t\t\t\t<div class=\"elementor-container elementor-column-gap-default\">\n\t\t\t\t\t<div class=\"elementor-column elementor-col-100 elementor-top-column elementor-element elementor-element-30d7ab3\" data-id=\"30d7ab3\" data-element_type=\"column\">\n\t\t\t<div class=\"elementor-widget-wrap elementor-element-populated\">\n\t\t\t\t\t\t<div class=\"elementor-element elementor-element-a744b9d elementor-widget elementor-widget-heading\" data-id=\"a744b9d\" data-element_type=\"widget\" data-widget_type=\"heading.default\">\n\t\t\t\t<div class=\"elementor-widget-container\">\n\t\t\t<h2 class=\"elementor-heading-title elementor-size-default\">Point M\u00e9t\u00e9o<\/h2>\t\t<\/div>\n\t\t\t\t<\/div>\n\t\t\t\t<section class=\"elementor-section elementor-inner-section elementor-element elementor-element-dab068b elementor-section-boxed elementor-section-height-default elementor-section-height-default\" data-id=\"dab068b\" data-element_type=\"section\">\n\t\t\t\t\t\t<div class=\"elementor-container elementor-column-gap-default\">\n\t\t\t\t\t<div class=\"elementor-column elementor-col-50 elementor-inner-column elementor-element elementor-element-8193075\" data-id=\"8193075\" data-element_type=\"column\">\n\t\t\t<div class=\"elementor-widget-wrap elementor-element-populated\">\n\t\t\t\t\t\t<div class=\"elementor-element elementor-element-7ae2de3 elementor-widget elementor-widget-image\" data-id=\"7ae2de3\" data-element_type=\"widget\" data-widget_type=\"image.default\">\n\t\t\t\t<div class=\"elementor-widget-container\">\n\t\t\t\t\t\t\t\t\t\t\t\t\t<img fetchpriority=\"high\" width=\"1024\" height=\"788\" src=\"https:\/\/traildes2baies.fr\/wp-content\/uploads\/2026\/01\/9213910-nuages-emoji-icone-nuageux-jour-temps-symbole-illustrationle-gratuit-vectoriel-1024x788.jpg\" class=\"attachment-large size-large wp-image-32487\" alt=\"\" srcset=\"https:\/\/traildes2baies.fr\/wp-content\/uploads\/2026\/01\/9213910-nuages-emoji-icone-nuageux-jour-temps-symbole-illustrationle-gratuit-vectoriel-1024x788.jpg 1024w, https:\/\/traildes2baies.fr\/wp-content\/uploads\/2026\/01\/9213910-nuages-emoji-icone-nuageux-jour-temps-symbole-illustrationle-gratuit-vectoriel-300x231.jpg 300w, https:\/\/traildes2baies.fr\/wp-content\/uploads\/2026\/01\/9213910-nuages-emoji-icone-nuageux-jour-temps-symbole-illustrationle-gratuit-vectoriel-768x591.jpg 768w, https:\/\/traildes2baies.fr\/wp-content\/uploads\/2026\/01\/9213910-nuages-emoji-icone-nuageux-jour-temps-symbole-illustrationle-gratuit-vectoriel.jpg 1274w\" sizes=\"(max-width: 1024px) 100vw, 1024px\" \/>\t\t\t\t\t\t\t\t\t\t\t\t\t<\/div>\n\t\t\t\t<\/div>\n\t\t\t\t\t<\/div>\n\t\t<\/div>\n\t\t\t\t<div class=\"elementor-column elementor-col-50 elementor-inner-column elementor-element elementor-element-f558722\" data-id=\"f558722\" data-element_type=\"column\">\n\t\t\t<div class=\"elementor-widget-wrap elementor-element-populated\">\n\t\t\t\t\t\t<div class=\"elementor-element elementor-element-b92c70f elementor-widget elementor-widget-heading\" data-id=\"b92c70f\" data-element_type=\"widget\" data-widget_type=\"heading.default\">\n\t\t\t\t<div class=\"elementor-widget-container\">\n\t\t\t<h3 class=\"elementor-heading-title elementor-size-default\">3\u00b0\/6\u00b0<\/h3>\t\t<\/div>\n\t\t\t\t<\/div>\n\t\t\t\t<div class=\"elementor-element elementor-element-d3c8a42 elementor-widget elementor-widget-heading\" data-id=\"d3c8a42\" data-element_type=\"widget\" data-widget_type=\"heading.default\">\n\t\t\t\t<div class=\"elementor-widget-container\">\n\t\t\t<h5 class=\"elementor-heading-title elementor-size-default\">0\u00b0\/1\u00b0<\/h5>\t\t<\/div>\n\t\t\t\t<\/div>\n\t\t\t\t<div class=\"elementor-element elementor-element-dce02ee elementor-widget elementor-widget-text-editor\" data-id=\"dce02ee\" data-element_type=\"widget\" data-widget_type=\"text-editor.default\">\n\t\t\t\t<div class=\"elementor-widget-container\">\n\t\t\t\t\t\t\t<p>Le temps sera domin\u00e9 par une couverture nuageuse, mais de belles \u00e9claircies resteront possibles, surtout en milieu de journ\u00e9e. L&rsquo;ambiance restera fra\u00eeche et typique d&rsquo;une fin janvier sur la C\u00f4te d&rsquo;Opale.<\/p>\t\t\t\t\t\t<\/div>\n\t\t\t\t<\/div>\n\t\t\t\t\t<\/div>\n\t\t<\/div>\n\t\t\t\t\t<\/div>\n\t\t<\/section>\n\t\t\t\t\t<\/div>\n\t\t<\/div>\n\t\t\t\t\t<\/div>\n\t\t<\/section>\n\t\t\t\t<section class=\"elementor-section elementor-top-section elementor-element elementor-element-69cea12 elementor-section-boxed elementor-section-height-default elementor-section-height-default\" data-id=\"69cea12\" data-element_type=\"section\">\n\t\t\t\t\t\t<div class=\"elementor-container elementor-column-gap-default\">\n\t\t\t\t\t<div class=\"elementor-column elementor-col-100 elementor-top-column elementor-element elementor-element-954e67b\" data-id=\"954e67b\" data-element_type=\"column\">\n\t\t\t<div class=\"elementor-widget-wrap elementor-element-populated\">\n\t\t\t\t\t\t<section class=\"elementor-section elementor-inner-section elementor-element elementor-element-8e82fac elementor-section-boxed elementor-section-height-default elementor-section-height-default\" data-id=\"8e82fac\" data-element_type=\"section\">\n\t\t\t\t\t\t<div class=\"elementor-container elementor-column-gap-default\">\n\t\t\t\t\t<div class=\"elementor-column elementor-col-50 elementor-inner-column elementor-element elementor-element-3f357de\" data-id=\"3f357de\" data-element_type=\"column\">\n\t\t\t<div class=\"elementor-widget-wrap elementor-element-populated\">\n\t\t\t\t\t\t<div class=\"elementor-element elementor-element-90c64e4 elementor-widget elementor-widget-image\" data-id=\"90c64e4\" data-element_type=\"widget\" data-widget_type=\"image.default\">\n\t\t\t\t<div class=\"elementor-widget-container\">\n\t\t\t\t\t\t\t\t\t\t\t\t\t<img width=\"150\" height=\"150\" src=\"https:\/\/traildes2baies.fr\/wp-content\/uploads\/2025\/09\/CNT_1080x1350_HD-150x150.png\" class=\"attachment-thumbnail size-thumbnail wp-image-32378\" alt=\"\" \/>\t\t\t\t\t\t\t\t\t\t\t\t\t<\/div>\n\t\t\t\t<\/div>\n\t\t\t\t\t<\/div>\n\t\t<\/div>\n\t\t\t\t<div class=\"elementor-column elementor-col-50 elementor-inner-column elementor-element elementor-element-600fc19\" data-id=\"600fc19\" data-element_type=\"column\">\n\t\t\t<div class=\"elementor-widget-wrap elementor-element-populated\">\n\t\t\t\t\t\t<div class=\"elementor-element elementor-element-2db2d3b elementor-widget elementor-widget-heading\" data-id=\"2db2d3b\" data-element_type=\"widget\" data-widget_type=\"heading.default\">\n\t\t\t\t<div class=\"elementor-widget-container\">\n\t\t\t<h2 class=\"elementor-heading-title elementor-size-default\">Le Trail longue distance sur le Challenge National des trails <\/h2>\t\t<\/div>\n\t\t\t\t<\/div>\n\t\t\t\t<div class=\"elementor-element elementor-element-ecec134 elementor-widget elementor-widget-text-editor\" data-id=\"ecec134\" data-element_type=\"widget\" data-widget_type=\"text-editor.default\">\n\t\t\t\t<div class=\"elementor-widget-container\">\n\t\t\t\t\t\t\t<p><span style=\"font-family: Aptos;\">La saison 2025-2026 du Challenge National Trail s\u2019annonce riche en diversit\u00e9, en intensit\u00e9 et en paysages ! D\u00e8s le 13 septembre, les passionn\u00e9s de course nature auront rendez-vous aux quatre coins de la France, entre plaines, vallons, montagnes et littoraux, pour une nouvelle \u00e9dition haute en couleur.<\/span><\/p><p><span style=\"mso-spacerun: 'yes'; font-family: Aptos; mso-bidi-font-family: 'Times New Roman'; font-size: 12,0000pt; mso-font-kerning: 1,0000pt;\">Organis\u00e9 par la <\/span><b><span style=\"font-family: Aptos;\">F\u00e9d\u00e9ration Fran\u00e7aise d\u2019Athl\u00e9tisme<\/span><\/b><span style=\"mso-spacerun: 'yes'; font-family: Aptos; mso-bidi-font-family: 'Times New Roman'; font-size: 12,0000pt; mso-font-kerning: 1,0000pt;\">, ce challenge embl\u00e9matique met en avant <\/span><b><span style=\"font-family: Aptos;\">12 \u00e9preuves<\/span><\/b><span style=\"mso-spacerun: 'yes'; font-family: Aptos; mso-bidi-font-family: 'Times New Roman'; font-size: 12,0000pt; mso-font-kerning: 1,0000pt;\">\u00a0de r\u00e9f\u00e9rence, r\u00e9parties en deux formats :<\/span><\/p><p><!-- [if !supportLists]--><span style=\"font-family: Symbol; mso-fareast-font-family: Aptos; mso-bidi-font-family: 'Times New Roman'; font-size: 10,0000pt; mso-font-kerning: 1,0000pt;\">\u00b7\u00a0<\/span><!--[endif]--><span style=\"mso-spacerun: 'yes'; font-family: Aptos; mso-bidi-font-family: 'Times New Roman'; font-size: 12,0000pt; mso-font-kerning: 1,0000pt;\">6 trails courts (moins de 42 km) pour les amateurs de vitesse et de technicit\u00e9,<\/span><\/p><p><!-- [if !supportLists]--><span style=\"font-family: Symbol; mso-fareast-font-family: Aptos; mso-bidi-font-family: 'Times New Roman'; font-size: 10,0000pt; mso-font-kerning: 1,0000pt;\">\u00b7\u00a0<\/span><!--[endif]--><span style=\"mso-spacerun: 'yes'; font-family: Aptos; mso-bidi-font-family: 'Times New Roman'; font-size: 12,0000pt; mso-font-kerning: 1,0000pt;\">6 trails longs (plus de 42 km) pour les adeptes d\u2019endurance et de d\u00e9nivel\u00e9.<\/span><\/p><p><span style=\"mso-spacerun: 'yes'; font-family: Aptos; mso-bidi-font-family: 'Times New Roman'; font-size: 12,0000pt; mso-font-kerning: 1,0000pt;\">\u00c0 chaque \u00e9tape, les athl\u00e8tes cumuleront des points en fonction de leurs performances, avec l\u2019ambition de figurer au classement national et de viser une place d\u2019honneur en fin de saison. Le Challenge est ouvert \u00e0 tous les licenci\u00e9s FFA et constitue un v\u00e9ritable fil rouge pour structurer sa saison trail.<\/span><\/p><p><span style=\"font-family: Aptos;\">Plus qu\u2019un simple classement, ce Challenge met en lumi\u00e8re des courses dont l&rsquo;organisation est labellis\u00e9e, et offre aux coureurs une opportunit\u00e9 unique de se confronter dans un cadre f\u00e9d\u00e9ral reconnu.<\/span><span style=\"font-family: Aptos;\">\u00a0<\/span><\/p><p><span style=\"mso-spacerun: 'yes'; font-family: Aptos; mso-bidi-font-family: 'Times New Roman'; font-size: 12,0000pt; mso-font-kerning: 1,0000pt;\">D\u00e9couvrez d\u00e8s maintenant les dates, les \u00e9tapes et le r\u00e8glement complet du <\/span><a title=\"https:\/\/www.athle.fr\/asp.net\/main.html\/html.aspx?htmlid=7044\" href=\"https:\/\/www.athle.fr\/asp.net\/main.html\/html.aspx?htmlid=7044\"><u><span style=\"font-family: Aptos; color: #467886;\">Challenge sur athle.fr<\/span><\/u><\/a><span style=\"mso-spacerun: 'yes'; font-family: Aptos; mso-bidi-font-family: 'Times New Roman'; font-size: 12,0000pt; mso-font-kerning: 1,0000pt;\">.<\/span><\/p>\t\t\t\t\t\t<\/div>\n\t\t\t\t<\/div>\n\t\t\t\t\t<\/div>\n\t\t<\/div>\n\t\t\t\t\t<\/div>\n\t\t<\/section>\n\t\t\t\t<section class=\"elementor-section elementor-inner-section elementor-element elementor-element-4ee9fc2 elementor-section-boxed elementor-section-height-default elementor-section-height-default\" data-id=\"4ee9fc2\" data-element_type=\"section\">\n\t\t\t\t\t\t<div class=\"elementor-container elementor-column-gap-default\">\n\t\t\t\t\t<div class=\"elementor-column elementor-col-50 elementor-inner-column elementor-element elementor-element-594a8bf\" data-id=\"594a8bf\" data-element_type=\"column\">\n\t\t\t<div class=\"elementor-widget-wrap elementor-element-populated\">\n\t\t\t\t\t\t<div class=\"elementor-element elementor-element-e35fcbe elementor-widget elementor-widget-image\" data-id=\"e35fcbe\" data-element_type=\"widget\" data-widget_type=\"image.default\">\n\t\t\t\t<div class=\"elementor-widget-container\">\n\t\t\t\t\t\t\t\t\t\t\t\t\t<img width=\"150\" height=\"150\" src=\"https:\/\/traildes2baies.fr\/wp-content\/uploads\/2025\/09\/trail-d2b-2026-150x150.jpg\" class=\"attachment-thumbnail size-thumbnail wp-image-32377\" alt=\"trail d2b 2026\" \/>\t\t\t\t\t\t\t\t\t\t\t\t\t<\/div>\n\t\t\t\t<\/div>\n\t\t\t\t\t<\/div>\n\t\t<\/div>\n\t\t\t\t<div class=\"elementor-column elementor-col-50 elementor-inner-column elementor-element elementor-element-1f94fb4\" data-id=\"1f94fb4\" data-element_type=\"column\">\n\t\t\t<div class=\"elementor-widget-wrap elementor-element-populated\">\n\t\t\t\t\t\t<div class=\"elementor-element elementor-element-f77c301 elementor-widget elementor-widget-heading\" data-id=\"f77c301\" data-element_type=\"widget\" data-widget_type=\"heading.default\">\n\t\t\t\t<div class=\"elementor-widget-container\">\n\t\t\t<h2 class=\"elementor-heading-title elementor-size-default\">INSCRIPTIONS 2026!<\/h2>\t\t<\/div>\n\t\t\t\t<\/div>\n\t\t\t\t<div class=\"elementor-element elementor-element-849524d elementor-widget elementor-widget-text-editor\" data-id=\"849524d\" data-element_type=\"widget\" data-widget_type=\"text-editor.default\">\n\t\t\t\t<div class=\"elementor-widget-container\">\n\t\t\t\t\t\t\t<p class=\"font_8\"><span style=\"color: #6f6f6f;\"><span style=\"background-color: #ffffff;\">Les inscriptions pour la prochaine \u00e9dition du Trail D2B sont d\u00e9sormais ouvertes!\u00a0<\/span><\/span><\/p>\t\t\t\t\t\t<\/div>\n\t\t\t\t<\/div>\n\t\t\t\t\t<\/div>\n\t\t<\/div>\n\t\t\t\t\t<\/div>\n\t\t<\/section>\n\t\t\t\t\t<\/div>\n\t\t<\/div>\n\t\t\t\t\t<\/div>\n\t\t<\/section>\n\t\t\t\t<\/div>\n\t\t","protected":false},"excerpt":{"rendered":"<p>R\u00e9sultats 2026 Retrouvez votre classement d\u00e8s la ligne d&rsquo;arriv\u00e9e franchie R\u00e9sultats 2026 Informations Dossiers d&rsquo;inscription \u00c0 tous les participants, merci de v\u00e9rifier que votre dossier d\u2019inscription est bien complet. La plupart des dossiers incomplets concernent un num\u00e9ro de PPS manquant. Le PPS (qui remplace d\u00e9sormais le certificat m\u00e9dical) peut \u00eatre r\u00e9alis\u00e9 directement sur le site [&hellip;]<\/p>\n","protected":false},"author":8,"featured_media":0,"parent":0,"menu_order":0,"comment_status":"closed","ping_status":"closed","template":"","meta":{"_mi_skip_tracking":false},"yoast_head":"<!-- This site is optimized with the Yoast SEO plugin v20.6 - https:\/\/yoast.com\/wordpress\/plugins\/seo\/ -->\n<title>Les actualit\u00e9s - Trail D2B<\/title>\n<meta name=\"robots\" content=\"index, follow, max-snippet:-1, max-image-preview:large, max-video-preview:-1\" \/>\n<link rel=\"canonical\" href=\"https:\/\/traildes2baies.fr\/?page_id=34\" \/>\n<meta property=\"og:locale\" content=\"fr_FR\" \/>\n<meta property=\"og:type\" content=\"article\" \/>\n<meta property=\"og:title\" content=\"Les actualit\u00e9s - Trail D2B\" \/>\n<meta property=\"og:description\" content=\"R\u00e9sultats 2026 Retrouvez votre classement d\u00e8s la ligne d&rsquo;arriv\u00e9e franchie R\u00e9sultats 2026 Informations Dossiers d&rsquo;inscription \u00c0 tous les participants, merci de v\u00e9rifier que votre dossier d\u2019inscription est bien complet. La plupart des dossiers incomplets concernent un num\u00e9ro de PPS manquant. Le PPS (qui remplace d\u00e9sormais le certificat m\u00e9dical) peut \u00eatre r\u00e9alis\u00e9 directement sur le site [&hellip;]\" \/>\n<meta property=\"og:url\" content=\"https:\/\/traildes2baies.fr\/?page_id=34\" \/>\n<meta property=\"og:site_name\" content=\"Trail D2B\" \/>\n<meta property=\"article:publisher\" content=\"https:\/\/www.facebook.com\/traild2b\" \/>\n<meta property=\"article:modified_time\" content=\"2026-01-20T14:56:19+00:00\" \/>\n<meta property=\"og:image\" content=\"https:\/\/traildes2baies.fr\/wp-content\/uploads\/2026\/01\/9213910-nuages-emoji-icone-nuageux-jour-temps-symbole-illustrationle-gratuit-vectoriel-1024x788.jpg\" \/>\n<meta name=\"twitter:card\" content=\"summary_large_image\" \/>\n<meta name=\"twitter:label1\" content=\"Dur\u00e9e de lecture estim\u00e9e\" \/>\n\t<meta name=\"twitter:data1\" content=\"3 minutes\" \/>\n<script type=\"application\/ld+json\" class=\"yoast-schema-graph\">{\"@context\":\"https:\/\/schema.org\",\"@graph\":[{\"@type\":\"WebPage\",\"@id\":\"https:\/\/traildes2baies.fr\/?page_id=34\",\"url\":\"https:\/\/traildes2baies.fr\/?page_id=34\",\"name\":\"Les actualit\u00e9s - Trail D2B\",\"isPartOf\":{\"@id\":\"https:\/\/traildes2baies.fr\/#website\"},\"datePublished\":\"2018-10-15T20:34:55+00:00\",\"dateModified\":\"2026-01-20T14:56:19+00:00\",\"breadcrumb\":{\"@id\":\"https:\/\/traildes2baies.fr\/?page_id=34#breadcrumb\"},\"inLanguage\":\"fr-FR\",\"potentialAction\":[{\"@type\":\"ReadAction\",\"target\":[\"https:\/\/traildes2baies.fr\/?page_id=34\"]}]},{\"@type\":\"BreadcrumbList\",\"@id\":\"https:\/\/traildes2baies.fr\/?page_id=34#breadcrumb\",\"itemListElement\":[{\"@type\":\"ListItem\",\"position\":1,\"name\":\"Accueil\",\"item\":\"https:\/\/traildes2baies.fr\/\"},{\"@type\":\"ListItem\",\"position\":2,\"name\":\"Les actualit\u00e9s\"}]},{\"@type\":\"WebSite\",\"@id\":\"https:\/\/traildes2baies.fr\/#website\",\"url\":\"https:\/\/traildes2baies.fr\/\",\"name\":\"Trail D2B\",\"description\":\"\",\"publisher\":{\"@id\":\"https:\/\/traildes2baies.fr\/#organization\"},\"potentialAction\":[{\"@type\":\"SearchAction\",\"target\":{\"@type\":\"EntryPoint\",\"urlTemplate\":\"https:\/\/traildes2baies.fr\/?s={search_term_string}\"},\"query-input\":\"required name=search_term_string\"}],\"inLanguage\":\"fr-FR\"},{\"@type\":\"Organization\",\"@id\":\"https:\/\/traildes2baies.fr\/#organization\",\"name\":\"Trail D2B\",\"url\":\"https:\/\/traildes2baies.fr\/\",\"logo\":{\"@type\":\"ImageObject\",\"inLanguage\":\"fr-FR\",\"@id\":\"https:\/\/traildes2baies.fr\/#\/schema\/logo\/image\/\",\"url\":\"https:\/\/traildes2baies.fr\/wp-content\/uploads\/2019\/06\/trail-d2B.png\",\"contentUrl\":\"https:\/\/traildes2baies.fr\/wp-content\/uploads\/2019\/06\/trail-d2B.png\",\"width\":400,\"height\":400,\"caption\":\"Trail D2B\"},\"image\":{\"@id\":\"https:\/\/traildes2baies.fr\/#\/schema\/logo\/image\/\"},\"sameAs\":[\"https:\/\/www.facebook.com\/traild2b\"]}]}<\/script>\n<!-- \/ Yoast SEO plugin. -->","yoast_head_json":{"title":"Les actualit\u00e9s - Trail D2B","robots":{"index":"index","follow":"follow","max-snippet":"max-snippet:-1","max-image-preview":"max-image-preview:large","max-video-preview":"max-video-preview:-1"},"canonical":"https:\/\/traildes2baies.fr\/?page_id=34","og_locale":"fr_FR","og_type":"article","og_title":"Les actualit\u00e9s - Trail D2B","og_description":"R\u00e9sultats 2026 Retrouvez votre classement d\u00e8s la ligne d&rsquo;arriv\u00e9e franchie R\u00e9sultats 2026 Informations Dossiers d&rsquo;inscription \u00c0 tous les participants, merci de v\u00e9rifier que votre dossier d\u2019inscription est bien complet. La plupart des dossiers incomplets concernent un num\u00e9ro de PPS manquant. Le PPS (qui remplace d\u00e9sormais le certificat m\u00e9dical) peut \u00eatre r\u00e9alis\u00e9 directement sur le site [&hellip;]","og_url":"https:\/\/traildes2baies.fr\/?page_id=34","og_site_name":"Trail D2B","article_publisher":"https:\/\/www.facebook.com\/traild2b","article_modified_time":"2026-01-20T14:56:19+00:00","og_image":[{"url":"https:\/\/traildes2baies.fr\/wp-content\/uploads\/2026\/01\/9213910-nuages-emoji-icone-nuageux-jour-temps-symbole-illustrationle-gratuit-vectoriel-1024x788.jpg"}],"twitter_card":"summary_large_image","twitter_misc":{"Dur\u00e9e de lecture estim\u00e9e":"3 minutes"},"schema":{"@context":"https:\/\/schema.org","@graph":[{"@type":"WebPage","@id":"https:\/\/traildes2baies.fr\/?page_id=34","url":"https:\/\/traildes2baies.fr\/?page_id=34","name":"Les actualit\u00e9s - Trail D2B","isPartOf":{"@id":"https:\/\/traildes2baies.fr\/#website"},"datePublished":"2018-10-15T20:34:55+00:00","dateModified":"2026-01-20T14:56:19+00:00","breadcrumb":{"@id":"https:\/\/traildes2baies.fr\/?page_id=34#breadcrumb"},"inLanguage":"fr-FR","potentialAction":[{"@type":"ReadAction","target":["https:\/\/traildes2baies.fr\/?page_id=34"]}]},{"@type":"BreadcrumbList","@id":"https:\/\/traildes2baies.fr\/?page_id=34#breadcrumb","itemListElement":[{"@type":"ListItem","position":1,"name":"Accueil","item":"https:\/\/traildes2baies.fr\/"},{"@type":"ListItem","position":2,"name":"Les actualit\u00e9s"}]},{"@type":"WebSite","@id":"https:\/\/traildes2baies.fr\/#website","url":"https:\/\/traildes2baies.fr\/","name":"Trail D2B","description":"","publisher":{"@id":"https:\/\/traildes2baies.fr\/#organization"},"potentialAction":[{"@type":"SearchAction","target":{"@type":"EntryPoint","urlTemplate":"https:\/\/traildes2baies.fr\/?s={search_term_string}"},"query-input":"required name=search_term_string"}],"inLanguage":"fr-FR"},{"@type":"Organization","@id":"https:\/\/traildes2baies.fr\/#organization","name":"Trail D2B","url":"https:\/\/traildes2baies.fr\/","logo":{"@type":"ImageObject","inLanguage":"fr-FR","@id":"https:\/\/traildes2baies.fr\/#\/schema\/logo\/image\/","url":"https:\/\/traildes2baies.fr\/wp-content\/uploads\/2019\/06\/trail-d2B.png","contentUrl":"https:\/\/traildes2baies.fr\/wp-content\/uploads\/2019\/06\/trail-d2B.png","width":400,"height":400,"caption":"Trail D2B"},"image":{"@id":"https:\/\/traildes2baies.fr\/#\/schema\/logo\/image\/"},"sameAs":["https:\/\/www.facebook.com\/traild2b"]}]}},"_links":{"self":[{"href":"https:\/\/traildes2baies.fr\/index.php?rest_route=\/wp\/v2\/pages\/34"}],"collection":[{"href":"https:\/\/traildes2baies.fr\/index.php?rest_route=\/wp\/v2\/pages"}],"about":[{"href":"https:\/\/traildes2baies.fr\/index.php?rest_route=\/wp\/v2\/types\/page"}],"author":[{"embeddable":true,"href":"https:\/\/traildes2baies.fr\/index.php?rest_route=\/wp\/v2\/users\/8"}],"replies":[{"embeddable":true,"href":"https:\/\/traildes2baies.fr\/index.php?rest_route=%2Fwp%2Fv2%2Fcomments&post=34"}],"version-history":[{"count":194,"href":"https:\/\/traildes2baies.fr\/index.php?rest_route=\/wp\/v2\/pages\/34\/revisions"}],"predecessor-version":[{"id":32497,"href":"https:\/\/traildes2baies.fr\/index.php?rest_route=\/wp\/v2\/pages\/34\/revisions\/32497"}],"wp:attachment":[{"href":"https:\/\/traildes2baies.fr\/index.php?rest_route=%2Fwp%2Fv2%2Fmedia&parent=34"}],"curies":[{"name":"wp","href":"https:\/\/api.w.org\/{rel}","templated":true}]}}