{"id":805,"date":"2019-06-13T12:53:02","date_gmt":"2019-06-13T12:53:02","guid":{"rendered":"https:\/\/www.traildes2baies.fr\/?page_id=805"},"modified":"2025-09-25T13:53:56","modified_gmt":"2025-09-25T13:53:56","slug":"infos-pratiques","status":"publish","type":"page","link":"https:\/\/traildes2baies.fr\/?page_id=805","title":{"rendered":"Infos pratiques"},"content":{"rendered":"\t\t<div data-elementor-type=\"wp-post\" data-elementor-id=\"805\" class=\"elementor elementor-805\">\n\t\t\t\t\t\t<section class=\"elementor-section elementor-top-section elementor-element elementor-element-d5b204c elementor-section-stretched elementor-section-boxed elementor-section-height-default elementor-section-height-default\" data-id=\"d5b204c\" data-element_type=\"section\" data-settings=\"{&quot;stretch_section&quot;:&quot;section-stretched&quot;,&quot;background_background&quot;:&quot;classic&quot;}\">\n\t\t\t\t\t\t<div class=\"elementor-container elementor-column-gap-default\">\n\t\t\t\t\t<div class=\"elementor-column elementor-col-100 elementor-top-column elementor-element elementor-element-125e2a3\" data-id=\"125e2a3\" data-element_type=\"column\">\n\t\t\t<div class=\"elementor-widget-wrap elementor-element-populated\">\n\t\t\t\t\t\t<div class=\"elementor-element elementor-element-d37af3f elementor-widget elementor-widget-heading\" data-id=\"d37af3f\" data-element_type=\"widget\" data-widget_type=\"heading.default\">\n\t\t\t\t<div class=\"elementor-widget-container\">\n\t\t\t<h2 class=\"elementor-heading-title elementor-size-default\">NOTEZ CES INFOS PRATIQUES !<\/h2>\t\t<\/div>\n\t\t\t\t<\/div>\n\t\t\t\t<section class=\"elementor-section elementor-inner-section elementor-element elementor-element-b99e413 elementor-section-boxed elementor-section-height-default elementor-section-height-default\" data-id=\"b99e413\" data-element_type=\"section\">\n\t\t\t\t\t\t<div class=\"elementor-container elementor-column-gap-default\">\n\t\t\t\t\t<div class=\"elementor-column elementor-col-50 elementor-inner-column elementor-element elementor-element-1e5645b\" data-id=\"1e5645b\" data-element_type=\"column\">\n\t\t\t<div class=\"elementor-widget-wrap elementor-element-populated\">\n\t\t\t\t\t\t<div class=\"elementor-element elementor-element-7d79d79 elementor-widget elementor-widget-image\" data-id=\"7d79d79\" data-element_type=\"widget\" data-widget_type=\"image.default\">\n\t\t\t\t<div class=\"elementor-widget-container\">\n\t\t\t\t\t\t\t\t\t\t\t\t\t<img width=\"150\" height=\"150\" src=\"https:\/\/traildes2baies.fr\/wp-content\/uploads\/2019\/06\/bus-150x150.png\" class=\"attachment-thumbnail size-thumbnail wp-image-814\" alt=\"Bus\" srcset=\"https:\/\/traildes2baies.fr\/wp-content\/uploads\/2019\/06\/bus-150x150.png 150w, https:\/\/traildes2baies.fr\/wp-content\/uploads\/2019\/06\/bus-300x300.png 300w, https:\/\/traildes2baies.fr\/wp-content\/uploads\/2019\/06\/bus.png 600w, https:\/\/traildes2baies.fr\/wp-content\/uploads\/2019\/06\/bus-400x400.png 400w, https:\/\/traildes2baies.fr\/wp-content\/uploads\/2019\/06\/bus-500x500.png 500w, https:\/\/traildes2baies.fr\/wp-content\/uploads\/2019\/06\/bus-100x100.png 100w\" sizes=\"(max-width: 150px) 100vw, 150px\" \/>\t\t\t\t\t\t\t\t\t\t\t\t\t<\/div>\n\t\t\t\t<\/div>\n\t\t\t\t<div class=\"elementor-element elementor-element-68278d5 elementor-widget elementor-widget-heading\" data-id=\"68278d5\" data-element_type=\"widget\" data-widget_type=\"heading.default\">\n\t\t\t\t<div class=\"elementor-widget-container\">\n\t\t\t<h3 class=\"elementor-heading-title elementor-size-default\">Navettes \u00e0 disposition <br>pour le 11km (d\u00e9couverte) et marche UNIQUEMENT <br>(elle n'est pas n\u00e9cessaire pour <br>les autres distances)<\/h3>\t\t<\/div>\n\t\t\t\t<\/div>\n\t\t\t\t<div class=\"elementor-element elementor-element-1759502 elementor-widget elementor-widget-text-editor\" data-id=\"1759502\" data-element_type=\"widget\" data-widget_type=\"text-editor.default\">\n\t\t\t\t<div class=\"elementor-widget-container\">\n\t\t\t\t\t\t\t<div id=\"WRchTxt1w-1601\" class=\"txtNew\" data-packed=\"true\">\n<p class=\"font_8\">Pour am\u00e9liorer votre commodit\u00e9, des navettes au prix de 4\u20ac seront mises \u00e0 votre disposition entre Le Touquet et Stella et&nbsp; vous am\u00e8neront sur le lieu de d\u00e9part de votre course.&nbsp;<\/p>\n<p class=\"font_8\">RDV \u00e0 partir de 10h30 avenue de l&rsquo;hippodrome (en face de la salle des 4 saisons), pour un d\u00e9part de 10h45 \u00e0 11h00 MAXIMUM (plusieurs navettes). D\u00e9but de course 11h30.<\/p>\n<\/div>\n<p class=\"font_8\">\n<\/p>\t\t\t\t\t\t<\/div>\n\t\t\t\t<\/div>\n\t\t\t\t<div class=\"elementor-element elementor-element-9c22ef0 elementor-widget elementor-widget-spacer\" data-id=\"9c22ef0\" data-element_type=\"widget\" data-widget_type=\"spacer.default\">\n\t\t\t\t<div class=\"elementor-widget-container\">\n\t\t\t\t\t<div class=\"elementor-spacer\">\n\t\t\t<div class=\"elementor-spacer-inner\"><\/div>\n\t\t<\/div>\n\t\t\t\t<\/div>\n\t\t\t\t<\/div>\n\t\t\t\t\t<\/div>\n\t\t<\/div>\n\t\t\t\t<div class=\"elementor-column elementor-col-50 elementor-inner-column elementor-element elementor-element-9f96fd8\" data-id=\"9f96fd8\" data-element_type=\"column\">\n\t\t\t<div class=\"elementor-widget-wrap elementor-element-populated\">\n\t\t\t\t\t\t<div class=\"elementor-element elementor-element-8a92ba4 elementor-widget elementor-widget-image\" data-id=\"8a92ba4\" data-element_type=\"widget\" data-widget_type=\"image.default\">\n\t\t\t\t<div class=\"elementor-widget-container\">\n\t\t\t\t\t\t\t\t\t\t\t\t\t<img width=\"150\" height=\"150\" src=\"https:\/\/traildes2baies.fr\/wp-content\/uploads\/2019\/06\/icone-parking-150x150.png\" class=\"attachment-thumbnail size-thumbnail wp-image-813\" alt=\"Parking\" srcset=\"https:\/\/traildes2baies.fr\/wp-content\/uploads\/2019\/06\/icone-parking-150x150.png 150w, https:\/\/traildes2baies.fr\/wp-content\/uploads\/2019\/06\/icone-parking-300x300.png 300w, https:\/\/traildes2baies.fr\/wp-content\/uploads\/2019\/06\/icone-parking.png 600w, https:\/\/traildes2baies.fr\/wp-content\/uploads\/2019\/06\/icone-parking-400x400.png 400w, https:\/\/traildes2baies.fr\/wp-content\/uploads\/2019\/06\/icone-parking-500x500.png 500w, https:\/\/traildes2baies.fr\/wp-content\/uploads\/2019\/06\/icone-parking-100x100.png 100w\" sizes=\"(max-width: 150px) 100vw, 150px\" \/>\t\t\t\t\t\t\t\t\t\t\t\t\t<\/div>\n\t\t\t\t<\/div>\n\t\t\t\t<div class=\"elementor-element elementor-element-a01b910 elementor-widget elementor-widget-heading\" data-id=\"a01b910\" data-element_type=\"widget\" data-widget_type=\"heading.default\">\n\t\t\t\t<div class=\"elementor-widget-container\">\n\t\t\t<h3 class=\"elementor-heading-title elementor-size-default\">Parking<\/h3>\t\t<\/div>\n\t\t\t\t<\/div>\n\t\t\t\t<div class=\"elementor-element elementor-element-0d73c3a elementor-widget elementor-widget-text-editor\" data-id=\"0d73c3a\" data-element_type=\"widget\" data-widget_type=\"text-editor.default\">\n\t\t\t\t<div class=\"elementor-widget-container\">\n\t\t\t\t\t\t\t<p class=\"font_8\">Le parking de la salle des 4 saisons est payant depuis le 06\/01\/2025.\u00a0<\/p><p class=\"font_8\">Parking PAYANT sur les zones vertes et rouges, gratuit zone blanche<\/p><p class=\"font_8\"><a href=\"https:\/\/lestouquettois.fr\/plan-de-stationnement\/\" target=\"_blank\" rel=\"noopener\">Plan de stationnement<\/a><\/p>\t\t\t\t\t\t<\/div>\n\t\t\t\t<\/div>\n\t\t\t\t<div class=\"elementor-element elementor-element-f0d44d1 elementor-widget elementor-widget-spacer\" data-id=\"f0d44d1\" data-element_type=\"widget\" data-widget_type=\"spacer.default\">\n\t\t\t\t<div class=\"elementor-widget-container\">\n\t\t\t\t\t<div class=\"elementor-spacer\">\n\t\t\t<div class=\"elementor-spacer-inner\"><\/div>\n\t\t<\/div>\n\t\t\t\t<\/div>\n\t\t\t\t<\/div>\n\t\t\t\t\t<\/div>\n\t\t<\/div>\n\t\t\t\t\t<\/div>\n\t\t<\/section>\n\t\t\t\t<section class=\"elementor-section elementor-inner-section elementor-element elementor-element-7ebe303 elementor-section-boxed elementor-section-height-default elementor-section-height-default\" data-id=\"7ebe303\" data-element_type=\"section\">\n\t\t\t\t\t\t<div class=\"elementor-container elementor-column-gap-default\">\n\t\t\t\t\t<div class=\"elementor-column elementor-col-50 elementor-inner-column elementor-element elementor-element-a79805c\" data-id=\"a79805c\" data-element_type=\"column\">\n\t\t\t<div class=\"elementor-widget-wrap elementor-element-populated\">\n\t\t\t\t\t\t<div class=\"elementor-element elementor-element-0b55b4b elementor-widget elementor-widget-spacer\" data-id=\"0b55b4b\" data-element_type=\"widget\" data-widget_type=\"spacer.default\">\n\t\t\t\t<div class=\"elementor-widget-container\">\n\t\t\t\t\t<div class=\"elementor-spacer\">\n\t\t\t<div class=\"elementor-spacer-inner\"><\/div>\n\t\t<\/div>\n\t\t\t\t<\/div>\n\t\t\t\t<\/div>\n\t\t\t\t<div class=\"elementor-element elementor-element-e42b3c6 elementor-widget elementor-widget-image\" data-id=\"e42b3c6\" data-element_type=\"widget\" data-widget_type=\"image.default\">\n\t\t\t\t<div class=\"elementor-widget-container\">\n\t\t\t\t\t\t\t\t\t\t\t\t\t<img fetchpriority=\"high\" width=\"357\" height=\"141\" src=\"https:\/\/traildes2baies.fr\/wp-content\/uploads\/2020\/11\/hotel.jpg\" class=\"attachment-medium_large size-medium_large wp-image-29017\" alt=\"Cabines du Touquet\" srcset=\"https:\/\/traildes2baies.fr\/wp-content\/uploads\/2020\/11\/hotel.jpg 357w, https:\/\/traildes2baies.fr\/wp-content\/uploads\/2020\/11\/hotel-300x118.jpg 300w\" sizes=\"(max-width: 357px) 100vw, 357px\" \/>\t\t\t\t\t\t\t\t\t\t\t\t\t<\/div>\n\t\t\t\t<\/div>\n\t\t\t\t<div class=\"elementor-element elementor-element-ee026fc elementor-widget elementor-widget-heading\" data-id=\"ee026fc\" data-element_type=\"widget\" data-widget_type=\"heading.default\">\n\t\t\t\t<div class=\"elementor-widget-container\">\n\t\t\t<h3 class=\"elementor-heading-title elementor-size-default\"><br><br><br>H\u00e9bergement<\/h3>\t\t<\/div>\n\t\t\t\t<\/div>\n\t\t\t\t<div class=\"elementor-element elementor-element-6649392 elementor-widget elementor-widget-text-editor\" data-id=\"6649392\" data-element_type=\"widget\" data-widget_type=\"text-editor.default\">\n\t\t\t\t<div class=\"elementor-widget-container\">\n\t\t\t\t\t\t\t<p class=\"font_8\">Retrouvez l&rsquo;ensemble des offres d&rsquo;h\u00e9bergements de la station du Touquet Paris Plage via le lien ci-dessous !<\/p><p class=\"font_8\"><a href=\"https:\/\/www.letouquet.com\/sejourner\/\" target=\"_blank\" rel=\"noopener\">H\u00e9bergements<\/a><\/p>\t\t\t\t\t\t<\/div>\n\t\t\t\t<\/div>\n\t\t\t\t<div class=\"elementor-element elementor-element-f2771a2 elementor-widget elementor-widget-spacer\" data-id=\"f2771a2\" data-element_type=\"widget\" data-widget_type=\"spacer.default\">\n\t\t\t\t<div class=\"elementor-widget-container\">\n\t\t\t\t\t<div class=\"elementor-spacer\">\n\t\t\t<div class=\"elementor-spacer-inner\"><\/div>\n\t\t<\/div>\n\t\t\t\t<\/div>\n\t\t\t\t<\/div>\n\t\t\t\t\t<\/div>\n\t\t<\/div>\n\t\t\t\t<div class=\"elementor-column elementor-col-50 elementor-inner-column elementor-element elementor-element-66968cc\" data-id=\"66968cc\" data-element_type=\"column\">\n\t\t\t<div class=\"elementor-widget-wrap elementor-element-populated\">\n\t\t\t\t\t\t<div class=\"elementor-element elementor-element-77eac5f elementor-widget elementor-widget-image\" data-id=\"77eac5f\" data-element_type=\"widget\" data-widget_type=\"image.default\">\n\t\t\t\t<div class=\"elementor-widget-container\">\n\t\t\t\t\t\t\t\t\t\t\t\t\t<img loading=\"lazy\" width=\"300\" height=\"300\" src=\"https:\/\/traildes2baies.fr\/wp-content\/uploads\/2019\/06\/kbohome-300x300.png\" class=\"attachment-medium size-medium wp-image-810\" alt=\"Kb Home\" srcset=\"https:\/\/traildes2baies.fr\/wp-content\/uploads\/2019\/06\/kbohome-300x300.png 300w, https:\/\/traildes2baies.fr\/wp-content\/uploads\/2019\/06\/kbohome-150x150.png 150w, https:\/\/traildes2baies.fr\/wp-content\/uploads\/2019\/06\/kbohome.png 600w, https:\/\/traildes2baies.fr\/wp-content\/uploads\/2019\/06\/kbohome-400x400.png 400w, https:\/\/traildes2baies.fr\/wp-content\/uploads\/2019\/06\/kbohome-500x500.png 500w, https:\/\/traildes2baies.fr\/wp-content\/uploads\/2019\/06\/kbohome-100x100.png 100w\" sizes=\"(max-width: 300px) 100vw, 300px\" \/>\t\t\t\t\t\t\t\t\t\t\t\t\t<\/div>\n\t\t\t\t<\/div>\n\t\t\t\t<div class=\"elementor-element elementor-element-643ace9 elementor-widget elementor-widget-heading\" data-id=\"643ace9\" data-element_type=\"widget\" data-widget_type=\"heading.default\">\n\t\t\t\t<div class=\"elementor-widget-container\">\n\t\t\t<h3 class=\"elementor-heading-title elementor-size-default\">Location de maison<\/h3>\t\t<\/div>\n\t\t\t\t<\/div>\n\t\t\t\t<div class=\"elementor-element elementor-element-f28972b elementor-widget elementor-widget-text-editor\" data-id=\"f28972b\" data-element_type=\"widget\" data-widget_type=\"text-editor.default\">\n\t\t\t\t<div class=\"elementor-widget-container\">\n\t\t\t\t\t\t\t<p>Karine Baillet vous ouvre ses portes dans son \u00ab\u00a0home\u00a0\u00bb une maison en bois cosy, nich\u00e9e au milieu de la pin\u00e8de du Touquet, un endroit paisible et calme.\u00a0<br \/><br \/>Baign\u00e9 de s\u00e9r\u00e9nit\u00e9, ce \u00ab\u00a0home\u00a0\u00bb accueillant et discret se pr\u00eate autant \u00e0 une halte rapide qu&rsquo;\u00e0 un week-end de d\u00e9tente ou \u00e0 une semaine \u00ab\u00a0au vert\u00a0\u00bb pour un retour aux sources.\u00a0<br \/><br \/>Karine et son \u00e9quipe vous invite \u00e0 partager son art de vivre: baladez-vous dans les all\u00e9es bois\u00e9es, amusez-vous sur les chemins pentus des dunes ou prenez d&rsquo;assaut l&rsquo;immense plage de sable blond.<br \/><br \/>La villa a \u00e9t\u00e9 con\u00e7ue avec une volont\u00e9 \u00e9cologique et d&rsquo;int\u00e9gration dans la nature. G\u00e9othermie, mat\u00e9riaux en bois, pierre bleue, teck&#8230;L&rsquo;authentique, l&rsquo;\u00e9l\u00e9gance, tout un art de vivre que je vous invite \u00e0 d\u00e9couvrir&#8230;<br \/><br \/>Habitation ind\u00e9pendante, salon, cuisine am\u00e9ricaine, (lave vaisselle, micro-ondes, four multifonctions), 2 chambres\u00a0pouvant accueillir jusqu&rsquo;\u00e0 6\u00a0personnes , salle de bain, draps et linges \u00e0 disposition, fer \u00e0 repasser, terrasse privative, toilette s\u00e9par\u00e9&#8230;<br \/><br \/><a href=\"http:\/\/www.karinebaillet-home.com\/\" target=\"_blank\" rel=\"noopener undefined\" data-content=\"http:\/\/www.karinebaillet-home.com\" data-type=\"external\">Offrez-vous une escapade nature au Touquet !\u200b<\/a><\/p>\t\t\t\t\t\t<\/div>\n\t\t\t\t<\/div>\n\t\t\t\t<div class=\"elementor-element elementor-element-b84f478 elementor-widget elementor-widget-spacer\" data-id=\"b84f478\" data-element_type=\"widget\" data-widget_type=\"spacer.default\">\n\t\t\t\t<div class=\"elementor-widget-container\">\n\t\t\t\t\t<div class=\"elementor-spacer\">\n\t\t\t<div class=\"elementor-spacer-inner\"><\/div>\n\t\t<\/div>\n\t\t\t\t<\/div>\n\t\t\t\t<\/div>\n\t\t\t\t\t<\/div>\n\t\t<\/div>\n\t\t\t\t\t<\/div>\n\t\t<\/section>\n\t\t\t\t\t<\/div>\n\t\t<\/div>\n\t\t\t\t\t<\/div>\n\t\t<\/section>\n\t\t\t\t<\/div>\n\t\t","protected":false},"excerpt":{"rendered":"<p>NOTEZ CES INFOS PRATIQUES ! Navettes \u00e0 disposition pour le 11km (d\u00e9couverte) et marche UNIQUEMENT (elle n&rsquo;est pas n\u00e9cessaire pour les autres distances) Pour am\u00e9liorer votre commodit\u00e9, des navettes au prix de 4\u20ac seront mises \u00e0 votre disposition entre Le Touquet et Stella et&nbsp; vous am\u00e8neront sur le lieu de d\u00e9part de votre course.&nbsp; RDV [&hellip;]<\/p>\n","protected":false},"author":8,"featured_media":328,"parent":0,"menu_order":0,"comment_status":"closed","ping_status":"closed","template":"","meta":{"_mi_skip_tracking":false},"yoast_head":"<!-- This site is optimized with the Yoast SEO plugin v20.6 - https:\/\/yoast.com\/wordpress\/plugins\/seo\/ -->\n<title>Trails des 2 baies - Info pratiques pour la course.<\/title>\n<meta name=\"description\" content=\"Le Trail des 2 baies met \u00e0 votre disposition plusieurs conseils et infos pour que votre course se passe dans les meilleures conditions.\" \/>\n<meta name=\"robots\" content=\"index, follow, max-snippet:-1, max-image-preview:large, max-video-preview:-1\" \/>\n<link rel=\"canonical\" href=\"https:\/\/traildes2baies.fr\/?page_id=805\" \/>\n<meta property=\"og:locale\" content=\"fr_FR\" \/>\n<meta property=\"og:type\" content=\"article\" \/>\n<meta property=\"og:title\" content=\"Trails des 2 baies - Info pratiques pour la course.\" \/>\n<meta property=\"og:description\" content=\"Le Trail des 2 baies met \u00e0 votre disposition plusieurs conseils et infos pour que votre course se passe dans les meilleures conditions.\" \/>\n<meta property=\"og:url\" content=\"https:\/\/traildes2baies.fr\/?page_id=805\" \/>\n<meta property=\"og:site_name\" content=\"Trail D2B\" \/>\n<meta property=\"article:publisher\" content=\"https:\/\/www.facebook.com\/traild2b\" \/>\n<meta property=\"article:modified_time\" content=\"2025-09-25T13:53:56+00:00\" \/>\n<meta property=\"og:image\" content=\"https:\/\/traildes2baies.fr\/wp-content\/uploads\/2019\/06\/BANDEAU-A-PROPOS.jpg\" \/>\n\t<meta property=\"og:image:width\" content=\"1600\" \/>\n\t<meta property=\"og:image:height\" content=\"973\" \/>\n\t<meta property=\"og:image:type\" content=\"image\/jpeg\" \/>\n<meta name=\"twitter:card\" content=\"summary_large_image\" \/>\n<meta name=\"twitter:label1\" content=\"Dur\u00e9e de lecture estim\u00e9e\" \/>\n\t<meta name=\"twitter:data1\" content=\"3 minutes\" \/>\n<script type=\"application\/ld+json\" class=\"yoast-schema-graph\">{\"@context\":\"https:\/\/schema.org\",\"@graph\":[{\"@type\":\"WebPage\",\"@id\":\"https:\/\/traildes2baies.fr\/?page_id=805\",\"url\":\"https:\/\/traildes2baies.fr\/?page_id=805\",\"name\":\"Trails des 2 baies - Info pratiques pour la course.\",\"isPartOf\":{\"@id\":\"https:\/\/traildes2baies.fr\/#website\"},\"datePublished\":\"2019-06-13T12:53:02+00:00\",\"dateModified\":\"2025-09-25T13:53:56+00:00\",\"description\":\"Le Trail des 2 baies met \u00e0 votre disposition plusieurs conseils et infos pour que votre course se passe dans les meilleures conditions.\",\"breadcrumb\":{\"@id\":\"https:\/\/traildes2baies.fr\/?page_id=805#breadcrumb\"},\"inLanguage\":\"fr-FR\",\"potentialAction\":[{\"@type\":\"ReadAction\",\"target\":[\"https:\/\/traildes2baies.fr\/?page_id=805\"]}]},{\"@type\":\"BreadcrumbList\",\"@id\":\"https:\/\/traildes2baies.fr\/?page_id=805#breadcrumb\",\"itemListElement\":[{\"@type\":\"ListItem\",\"position\":1,\"name\":\"Accueil\",\"item\":\"https:\/\/traildes2baies.fr\/\"},{\"@type\":\"ListItem\",\"position\":2,\"name\":\"Infos pratiques\"}]},{\"@type\":\"WebSite\",\"@id\":\"https:\/\/traildes2baies.fr\/#website\",\"url\":\"https:\/\/traildes2baies.fr\/\",\"name\":\"Trail D2B\",\"description\":\"\",\"publisher\":{\"@id\":\"https:\/\/traildes2baies.fr\/#organization\"},\"potentialAction\":[{\"@type\":\"SearchAction\",\"target\":{\"@type\":\"EntryPoint\",\"urlTemplate\":\"https:\/\/traildes2baies.fr\/?s={search_term_string}\"},\"query-input\":\"required name=search_term_string\"}],\"inLanguage\":\"fr-FR\"},{\"@type\":\"Organization\",\"@id\":\"https:\/\/traildes2baies.fr\/#organization\",\"name\":\"Trail D2B\",\"url\":\"https:\/\/traildes2baies.fr\/\",\"logo\":{\"@type\":\"ImageObject\",\"inLanguage\":\"fr-FR\",\"@id\":\"https:\/\/traildes2baies.fr\/#\/schema\/logo\/image\/\",\"url\":\"https:\/\/traildes2baies.fr\/wp-content\/uploads\/2019\/06\/trail-d2B.png\",\"contentUrl\":\"https:\/\/traildes2baies.fr\/wp-content\/uploads\/2019\/06\/trail-d2B.png\",\"width\":400,\"height\":400,\"caption\":\"Trail D2B\"},\"image\":{\"@id\":\"https:\/\/traildes2baies.fr\/#\/schema\/logo\/image\/\"},\"sameAs\":[\"https:\/\/www.facebook.com\/traild2b\"]}]}<\/script>\n<!-- \/ Yoast SEO plugin. -->","yoast_head_json":{"title":"Trails des 2 baies - Info pratiques pour la course.","description":"Le Trail des 2 baies met \u00e0 votre disposition plusieurs conseils et infos pour que votre course se passe dans les meilleures conditions.","robots":{"index":"index","follow":"follow","max-snippet":"max-snippet:-1","max-image-preview":"max-image-preview:large","max-video-preview":"max-video-preview:-1"},"canonical":"https:\/\/traildes2baies.fr\/?page_id=805","og_locale":"fr_FR","og_type":"article","og_title":"Trails des 2 baies - Info pratiques pour la course.","og_description":"Le Trail des 2 baies met \u00e0 votre disposition plusieurs conseils et infos pour que votre course se passe dans les meilleures conditions.","og_url":"https:\/\/traildes2baies.fr\/?page_id=805","og_site_name":"Trail D2B","article_publisher":"https:\/\/www.facebook.com\/traild2b","article_modified_time":"2025-09-25T13:53:56+00:00","og_image":[{"width":1600,"height":973,"url":"https:\/\/traildes2baies.fr\/wp-content\/uploads\/2019\/06\/BANDEAU-A-PROPOS.jpg","type":"image\/jpeg"}],"twitter_card":"summary_large_image","twitter_misc":{"Dur\u00e9e de lecture estim\u00e9e":"3 minutes"},"schema":{"@context":"https:\/\/schema.org","@graph":[{"@type":"WebPage","@id":"https:\/\/traildes2baies.fr\/?page_id=805","url":"https:\/\/traildes2baies.fr\/?page_id=805","name":"Trails des 2 baies - Info pratiques pour la course.","isPartOf":{"@id":"https:\/\/traildes2baies.fr\/#website"},"datePublished":"2019-06-13T12:53:02+00:00","dateModified":"2025-09-25T13:53:56+00:00","description":"Le Trail des 2 baies met \u00e0 votre disposition plusieurs conseils et infos pour que votre course se passe dans les meilleures conditions.","breadcrumb":{"@id":"https:\/\/traildes2baies.fr\/?page_id=805#breadcrumb"},"inLanguage":"fr-FR","potentialAction":[{"@type":"ReadAction","target":["https:\/\/traildes2baies.fr\/?page_id=805"]}]},{"@type":"BreadcrumbList","@id":"https:\/\/traildes2baies.fr\/?page_id=805#breadcrumb","itemListElement":[{"@type":"ListItem","position":1,"name":"Accueil","item":"https:\/\/traildes2baies.fr\/"},{"@type":"ListItem","position":2,"name":"Infos pratiques"}]},{"@type":"WebSite","@id":"https:\/\/traildes2baies.fr\/#website","url":"https:\/\/traildes2baies.fr\/","name":"Trail D2B","description":"","publisher":{"@id":"https:\/\/traildes2baies.fr\/#organization"},"potentialAction":[{"@type":"SearchAction","target":{"@type":"EntryPoint","urlTemplate":"https:\/\/traildes2baies.fr\/?s={search_term_string}"},"query-input":"required name=search_term_string"}],"inLanguage":"fr-FR"},{"@type":"Organization","@id":"https:\/\/traildes2baies.fr\/#organization","name":"Trail D2B","url":"https:\/\/traildes2baies.fr\/","logo":{"@type":"ImageObject","inLanguage":"fr-FR","@id":"https:\/\/traildes2baies.fr\/#\/schema\/logo\/image\/","url":"https:\/\/traildes2baies.fr\/wp-content\/uploads\/2019\/06\/trail-d2B.png","contentUrl":"https:\/\/traildes2baies.fr\/wp-content\/uploads\/2019\/06\/trail-d2B.png","width":400,"height":400,"caption":"Trail D2B"},"image":{"@id":"https:\/\/traildes2baies.fr\/#\/schema\/logo\/image\/"},"sameAs":["https:\/\/www.facebook.com\/traild2b"]}]}},"_links":{"self":[{"href":"https:\/\/traildes2baies.fr\/index.php?rest_route=\/wp\/v2\/pages\/805"}],"collection":[{"href":"https:\/\/traildes2baies.fr\/index.php?rest_route=\/wp\/v2\/pages"}],"about":[{"href":"https:\/\/traildes2baies.fr\/index.php?rest_route=\/wp\/v2\/types\/page"}],"author":[{"embeddable":true,"href":"https:\/\/traildes2baies.fr\/index.php?rest_route=\/wp\/v2\/users\/8"}],"replies":[{"embeddable":true,"href":"https:\/\/traildes2baies.fr\/index.php?rest_route=%2Fwp%2Fv2%2Fcomments&post=805"}],"version-history":[{"count":75,"href":"https:\/\/traildes2baies.fr\/index.php?rest_route=\/wp\/v2\/pages\/805\/revisions"}],"predecessor-version":[{"id":32402,"href":"https:\/\/traildes2baies.fr\/index.php?rest_route=\/wp\/v2\/pages\/805\/revisions\/32402"}],"wp:featuredmedia":[{"embeddable":true,"href":"https:\/\/traildes2baies.fr\/index.php?rest_route=\/wp\/v2\/media\/328"}],"wp:attachment":[{"href":"https:\/\/traildes2baies.fr\/index.php?rest_route=%2Fwp%2Fv2%2Fmedia&parent=805"}],"curies":[{"name":"wp","href":"https:\/\/api.w.org\/{rel}","templated":true}]}}